{"id":4424,"date":"2021-05-05T17:35:44","date_gmt":"2021-05-05T15:35:44","guid":{"rendered":"https:\/\/www.rifugioaverau.it\/krampus\/fotogalerie\/"},"modified":"2024-12-09T19:00:16","modified_gmt":"2024-12-09T18:00:16","slug":"fotogalerie","status":"publish","type":"page","link":"https:\/\/www.rifugioaverau.it\/de\/krampus\/fotogalerie\/","title":{"rendered":"Fotogalerie"},"content":{"rendered":"<p>[et_pb_section fb_built=&#8220;1&#8243; admin_label=&#8220;Header&#8220; _builder_version=&#8220;4.16&#8243; background_color=&#8220;#000000&#8243; background_color_gradient_direction=&#8220;90deg&#8220; width_tablet=&#8220;100%&#8220; width_phone=&#8220;&#8220; width_last_edited=&#8220;on|tablet&#8220; global_colors_info=&#8220;{}&#8220;][et_pb_row _builder_version=&#8220;4.16&#8243; global_colors_info=&#8220;{}&#8220;][et_pb_column type=&#8220;4_4&#8243; _builder_version=&#8220;4.16&#8243; global_colors_info=&#8220;{}&#8220;][et_pb_text _builder_version=&#8220;4.16&#8243; _module_preset=&#8220;4f7e084b-41bb-43c0-9f81-412906ca48a4&#8243; header_font_size=&#8220;68px&#8220; locked=&#8220;off&#8220; global_colors_info=&#8220;{}&#8220;]<\/p>\n<h1>\u201cBe\u00e4ngstigende\u201c Fotogalerie<\/h1>\n<p>[\/et_pb_text][\/et_pb_column][\/et_pb_row][\/et_pb_section][et_pb_section fb_built=&#8220;1&#8243; _builder_version=&#8220;4.16&#8243; _module_preset=&#8220;default&#8220; background_color=&#8220;#242424&#8243; custom_padding=&#8220;||1px||false|false&#8220; global_colors_info=&#8220;{}&#8220;][et_pb_row use_custom_gutter=&#8220;on&#8220; gutter_width=&#8220;1&#8243; _builder_version=&#8220;4.16&#8243; _module_preset=&#8220;default&#8220; width=&#8220;100%&#8220; global_colors_info=&#8220;{}&#8220;][et_pb_column type=&#8220;4_4&#8243; _builder_version=&#8220;4.16&#8243; _module_preset=&#8220;default&#8220; global_colors_info=&#8220;{}&#8220;][et_pb_gallery gallery_ids=&#8220;5082,3451,3454,3457,4286,4390,4387,4384,4381,4378,4374,4370,4367,4364,4361,4358,4352,4349,4346,4343,4340,4337,4334,4331,4328,4325,4322,4319,4316,4313,4310,4307,4304,4301,4298,4295,4292,4289,3844,3877,6337,6340,6343,6346,6349,6352,6355&#8243; posts_number=&#8220;12&#8243; show_title_and_caption=&#8220;off&#8220; zoom_icon_color=&#8220;#ffffff&#8220; hover_overlay_color=&#8220;rgba(68,68,68,0.37)&#8220; _builder_version=&#8220;4.27.4&#8243; _module_preset=&#8220;default&#8220; width_last_edited=&#8220;off|desktop&#8220; global_colors_info=&#8220;{}&#8220; width__hover_enabled=&#8220;off|desktop&#8220;][\/et_pb_gallery][\/et_pb_column][\/et_pb_row][\/et_pb_section][et_pb_section fb_built=&#8220;1&#8243; admin_label=&#8220;Digital Collections&#8220; _builder_version=&#8220;4.16&#8243; background_color=&#8220;#000000&#8243; custom_padding=&#8220;30px|||||&#8220; global_colors_info=&#8220;{}&#8220;][et_pb_row _builder_version=&#8220;4.16&#8243; global_colors_info=&#8220;{}&#8220;][et_pb_column type=&#8220;4_4&#8243; _builder_version=&#8220;4.16&#8243; global_colors_info=&#8220;{}&#8220;][et_pb_text _builder_version=&#8220;4.16&#8243; _module_preset=&#8220;78cc8e9e-ef17-413e-a364-197e150fe3d9&#8243; locked=&#8220;off&#8220; global_colors_info=&#8220;{}&#8220;]<\/p>\n<h2>Entdecken Sie den Krampus<\/h2>\n<p>[\/et_pb_text][\/et_pb_column][\/et_pb_row][et_pb_row column_structure=&#8220;1_4,1_4,1_4,1_4&#8243; custom_padding_last_edited=&#8220;on|desktop&#8220; _builder_version=&#8220;4.16&#8243; max_width=&#8220;none&#8220; custom_padding_tablet=&#8220;|||0px|false|false&#8220; custom_padding_phone=&#8220;&#8220; global_colors_info=&#8220;{}&#8220;][et_pb_column type=&#8220;1_4&#8243; _builder_version=&#8220;4.16&#8243; global_colors_info=&#8220;{}&#8220;][et_pb_blurb title=&#8220;Historie und Tradition&#8220; url=&#8220;@ET-DC@eyJkeW5hbWljIjp0cnVlLCJjb250ZW50IjoicG9zdF9saW5rX3VybF9wYWdlIiwic2V0dGluZ3MiOnsicG9zdF9pZCI6IjM1MjQiLCJlbmFibGVfaHRtbCI6Im9mZiJ9fQ==@&#8220; image=&#8220;https:\/\/www.rifugioaverau.it\/wp-content\/uploads\/2020\/10\/Krampus-RifugioAverau-5Torri-CortinadAmpezzo-7.jpg&#8220; alt=&#8220;Krampus auf der Piste &#8211; Rifugio Averau &#8211; 5 Torri &#8211; Cortina d&apos;Ampezzo &#8211; Dolomiti&#8220; _builder_version=&#8220;4.16&#8243; _dynamic_attributes=&#8220;url,link_option_url&#8220; _module_preset=&#8220;0b045bd2-aaf7-4cfd-9ecc-9bc23654a637&#8243; body_font=&#8220;Federant||||||||&#8220; transform_translate_linked__hover=&#8220;off&#8220; text_orientation=&#8220;center&#8220; animation=&#8220;off&#8220; link_option_url=&#8220;@ET-DC@eyJkeW5hbWljIjp0cnVlLCJjb250ZW50IjoicG9zdF9saW5rX3VybF9wYWdlIiwic2V0dGluZ3MiOnsicG9zdF9pZCI6IjM1MjQiLCJlbmFibGVfaHRtbCI6Im9mZiJ9fQ==@&#8220; locked=&#8220;off&#8220; global_colors_info=&#8220;{}&#8220; custom_margin__hover_enabled=&#8220;off&#8220; custom_margin__hover=&#8220;||||false|false&#8220; transform_styles__hover_enabled=&#8220;on&#8220; transform_scale__hover_enabled=&#8220;on&#8220; transform_translate__hover_enabled=&#8220;on&#8220; transform_rotate__hover_enabled=&#8220;on&#8220; transform_skew__hover_enabled=&#8220;on&#8220; transform_origin__hover_enabled=&#8220;on&#8220; transform_translate__hover=&#8220;0px|-10px&#8220;][\/et_pb_blurb][\/et_pb_column][et_pb_column type=&#8220;1_4&#8243; _builder_version=&#8220;4.16&#8243; global_colors_info=&#8220;{}&#8220;][et_pb_blurb title=&#8220;Ampezzaner Krampus&#8220; url=&#8220;@ET-DC@eyJkeW5hbWljIjp0cnVlLCJjb250ZW50IjoicG9zdF9saW5rX3VybF9wYWdlIiwic2V0dGluZ3MiOnsicG9zdF9pZCI6IjM4NzIiLCJlbmFibGVfaHRtbCI6Im9mZiJ9fQ==@&#8220; image=&#8220;https:\/\/www.rifugioaverau.it\/wp-content\/uploads\/2024\/12\/Krampus-RifugioAverau-2.jpg&#8220; alt=&#8220;Haydental Krampus&#8220; _builder_version=&#8220;4.27.4&#8243; _dynamic_attributes=&#8220;url,link_option_url&#8220; _module_preset=&#8220;0b045bd2-aaf7-4cfd-9ecc-9bc23654a637&#8243; transform_translate_linked__hover=&#8220;off&#8220; text_orientation=&#8220;center&#8220; animation=&#8220;off&#8220; link_option_url=&#8220;@ET-DC@eyJkeW5hbWljIjp0cnVlLCJjb250ZW50IjoicG9zdF9saW5rX3VybF9wYWdlIiwic2V0dGluZ3MiOnsicG9zdF9pZCI6IjM4NzIiLCJlbmFibGVfaHRtbCI6Im9mZiJ9fQ==@&#8220; locked=&#8220;off&#8220; global_colors_info=&#8220;{}&#8220; custom_margin__hover_enabled=&#8220;off&#8220; custom_margin__hover=&#8220;||||false|false&#8220; transform_styles__hover_enabled=&#8220;on&#8220; transform_scale__hover_enabled=&#8220;on&#8220; transform_translate__hover_enabled=&#8220;on&#8220; transform_rotate__hover_enabled=&#8220;on&#8220; transform_skew__hover_enabled=&#8220;on&#8220; transform_origin__hover_enabled=&#8220;on&#8220; transform_translate__hover=&#8220;0px|-10px&#8220;][\/et_pb_blurb][\/et_pb_column][et_pb_column type=&#8220;1_4&#8243; _builder_version=&#8220;4.16&#8243; _module_preset=&#8220;default&#8220; global_colors_info=&#8220;{}&#8220;][et_pb_blurb title=&#8220;Krampus auf der Piste&#8220; url=&#8220;@ET-DC@eyJkeW5hbWljIjp0cnVlLCJjb250ZW50IjoicG9zdF9saW5rX3VybF9tZWMtZXZlbnRzIiwic2V0dGluZ3MiOnsicG9zdF9pZCI6IjM3MzQiLCJlbmFibGVfaHRtbCI6Im9mZiJ9fQ==@&#8220; url_new_window=&#8220;on&#8220; image=&#8220;https:\/\/www.rifugioaverau.it\/wp-content\/uploads\/2020\/09\/Krampus-RifugioAverau-5Torri-CortinadAmpezzo-4.jpg&#8220; alt=&#8220;Krampus auf der Piste &#8211; Rifugio Averau &#8211; 5 Torri &#8211; Cortina d&apos;Ampezzo &#8211; Dolomiti&#8220; _builder_version=&#8220;4.16&#8243; _dynamic_attributes=&#8220;url,link_option_url&#8220; _module_preset=&#8220;0b045bd2-aaf7-4cfd-9ecc-9bc23654a637&#8243; body_font=&#8220;Federant||||||||&#8220; transform_translate_linked__hover=&#8220;off&#8220; text_orientation=&#8220;center&#8220; animation=&#8220;off&#8220; link_option_url=&#8220;@ET-DC@eyJkeW5hbWljIjp0cnVlLCJjb250ZW50IjoicG9zdF9saW5rX3VybF9tZWMtZXZlbnRzIiwic2V0dGluZ3MiOnsicG9zdF9pZCI6IjM3MzQiLCJlbmFibGVfaHRtbCI6Im9mZiJ9fQ==@&#8220; link_option_url_new_window=&#8220;on&#8220; locked=&#8220;off&#8220; global_colors_info=&#8220;{}&#8220; custom_margin__hover_enabled=&#8220;off&#8220; custom_margin__hover=&#8220;||||false|false&#8220; transform_styles__hover_enabled=&#8220;on&#8220; transform_scale__hover_enabled=&#8220;on&#8220; transform_translate__hover_enabled=&#8220;on&#8220; transform_rotate__hover_enabled=&#8220;on&#8220; transform_skew__hover_enabled=&#8220;on&#8220; transform_origin__hover_enabled=&#8220;on&#8220; transform_translate__hover=&#8220;0px|-10px&#8220;][\/et_pb_blurb][\/et_pb_column][et_pb_column type=&#8220;1_4&#8243; _builder_version=&#8220;4.16&#8243; global_colors_info=&#8220;{}&#8220;][et_pb_blurb title=&#8220;H\u00fctte Rifugio Averau&#8220; url=&#8220;@ET-DC@eyJkeW5hbWljIjp0cnVlLCJjb250ZW50IjoicG9zdF9saW5rX3VybF9wYWdlIiwic2V0dGluZ3MiOnsicG9zdF9pZCI6IjIiLCJlbmFibGVfaHRtbCI6Im9mZiJ9fQ==@&#8220; url_new_window=&#8220;on&#8220; image=&#8220;https:\/\/www.rifugioaverau.it\/wp-content\/uploads\/2020\/05\/RifugioAverau-5Torri-Dolomiti-CortinadAmpezzo-Terrazza-Inverno-5.jpg&#8220; alt=&#8220;Terrazza Inverno &#8211; Rifugio Averau &#8211; 5 Torri &#8211; Dolomiti &#8211; Cortina d&apos;Ampezzo&#8220; _builder_version=&#8220;4.16&#8243; _dynamic_attributes=&#8220;url,link_option_url&#8220; _module_preset=&#8220;0b045bd2-aaf7-4cfd-9ecc-9bc23654a637&#8243; body_font=&#8220;Federant||||||||&#8220; transform_translate_linked__hover=&#8220;off&#8220; text_orientation=&#8220;center&#8220; animation=&#8220;off&#8220; link_option_url=&#8220;@ET-DC@eyJkeW5hbWljIjp0cnVlLCJjb250ZW50IjoicG9zdF9saW5rX3VybF9wYWdlIiwic2V0dGluZ3MiOnsicG9zdF9pZCI6IjIiLCJlbmFibGVfaHRtbCI6Im9mZiJ9fQ==@&#8220; link_option_url_new_window=&#8220;on&#8220; locked=&#8220;off&#8220; global_colors_info=&#8220;{}&#8220; custom_margin__hover_enabled=&#8220;off&#8220; custom_margin__hover=&#8220;||||false|false&#8220; transform_styles__hover_enabled=&#8220;on&#8220; transform_scale__hover_enabled=&#8220;on&#8220; transform_translate__hover_enabled=&#8220;on&#8220; transform_rotate__hover_enabled=&#8220;on&#8220; transform_skew__hover_enabled=&#8220;on&#8220; transform_origin__hover_enabled=&#8220;on&#8220; transform_translate__hover=&#8220;0px|-10px&#8220;][\/et_pb_blurb][\/et_pb_column][\/et_pb_row][\/et_pb_section]<\/p>\n","protected":false},"excerpt":{"rendered":"<p>\u201cBe\u00e4ngstigende\u201c FotogalerieEntdecken Sie den Krampus<\/p>\n","protected":false},"author":1,"featured_media":3451,"parent":4402,"menu_order":0,"comment_status":"closed","ping_status":"closed","template":"","meta":{"_et_pb_use_builder":"on","_et_pb_old_content":"","_et_gb_content_width":"","footnotes":""},"class_list":["post-4424","page","type-page","status-publish","has-post-thumbnail","hentry"],"yoast_head":"<!-- This site is optimized with the Yoast SEO plugin v27.6 - https:\/\/yoast.com\/product\/yoast-seo-wordpress\/ -->\n<title>Fotogalerie - Rifugio Averau | 5 Torri | Cortina d&#039;Ampezzo<\/title>\n<meta name=\"description\" content=\"Bl\u00e4ttern Sie in der Fotogalerie von Krampus auf der Piste in der N\u00e4he der Averau-H\u00fctte zwischen den 5 Torri von Cortina d&#039;Ampezzo, Dolomiten\" \/>\n<meta name=\"robots\" content=\"index, follow, max-snippet:-1, max-image-preview:large, max-video-preview:-1\" \/>\n<link rel=\"canonical\" href=\"https:\/\/www.rifugioaverau.it\/de\/krampus\/fotogalerie\/\" \/>\n<meta property=\"og:locale\" content=\"de_DE\" \/>\n<meta property=\"og:type\" content=\"article\" \/>\n<meta property=\"og:title\" content=\"Fotogalerie - Rifugio Averau | 5 Torri | Cortina d&#039;Ampezzo\" \/>\n<meta property=\"og:description\" content=\"Bl\u00e4ttern Sie in der Fotogalerie von Krampus auf der Piste in der N\u00e4he der Averau-H\u00fctte zwischen den 5 Torri von Cortina d&#039;Ampezzo, Dolomiten\" \/>\n<meta property=\"og:url\" content=\"https:\/\/www.rifugioaverau.it\/de\/krampus\/fotogalerie\/\" \/>\n<meta property=\"og:site_name\" content=\"Rifugio Averau | 5 Torri | Cortina d&#039;Ampezzo\" \/>\n<meta property=\"article:publisher\" content=\"https:\/\/www.facebook.com\/rifugioaverau\/\" \/>\n<meta property=\"article:modified_time\" content=\"2024-12-09T18:00:16+00:00\" \/>\n<meta property=\"og:image\" content=\"https:\/\/www.rifugioaverau.it\/wp-content\/uploads\/2020\/09\/Krampus-RifugioAverau-5Torri-CortinadAmpezzo-2.jpg\" \/>\n\t<meta property=\"og:image:width\" content=\"800\" \/>\n\t<meta property=\"og:image:height\" content=\"1200\" \/>\n\t<meta property=\"og:image:type\" content=\"image\/jpeg\" \/>\n<meta name=\"twitter:card\" content=\"summary_large_image\" \/>\n<meta name=\"twitter:label1\" content=\"Gesch\u00e4tzte Lesezeit\" \/>\n\t<meta name=\"twitter:data1\" content=\"5\u00a0Minuten\" \/>\n<script type=\"application\/ld+json\" class=\"yoast-schema-graph\">{\"@context\":\"https:\\\/\\\/schema.org\",\"@graph\":[{\"@type\":\"WebPage\",\"@id\":\"https:\\\/\\\/www.rifugioaverau.it\\\/de\\\/krampus\\\/fotogalerie\\\/\",\"url\":\"https:\\\/\\\/www.rifugioaverau.it\\\/de\\\/krampus\\\/fotogalerie\\\/\",\"name\":\"Fotogalerie - Rifugio Averau | 5 Torri | Cortina d&#039;Ampezzo\",\"isPartOf\":{\"@id\":\"https:\\\/\\\/www.rifugioaverau.it\\\/de\\\/#website\"},\"primaryImageOfPage\":{\"@id\":\"https:\\\/\\\/www.rifugioaverau.it\\\/de\\\/krampus\\\/fotogalerie\\\/#primaryimage\"},\"image\":{\"@id\":\"https:\\\/\\\/www.rifugioaverau.it\\\/de\\\/krampus\\\/fotogalerie\\\/#primaryimage\"},\"thumbnailUrl\":\"https:\\\/\\\/www.rifugioaverau.it\\\/wp-content\\\/uploads\\\/2020\\\/09\\\/Krampus-RifugioAverau-5Torri-CortinadAmpezzo-2.jpg\",\"datePublished\":\"2021-05-05T15:35:44+00:00\",\"dateModified\":\"2024-12-09T18:00:16+00:00\",\"description\":\"Bl\u00e4ttern Sie in der Fotogalerie von Krampus auf der Piste in der N\u00e4he der Averau-H\u00fctte zwischen den 5 Torri von Cortina d'Ampezzo, Dolomiten\",\"breadcrumb\":{\"@id\":\"https:\\\/\\\/www.rifugioaverau.it\\\/de\\\/krampus\\\/fotogalerie\\\/#breadcrumb\"},\"inLanguage\":\"de\",\"potentialAction\":[{\"@type\":\"ReadAction\",\"target\":[\"https:\\\/\\\/www.rifugioaverau.it\\\/de\\\/krampus\\\/fotogalerie\\\/\"]}]},{\"@type\":\"ImageObject\",\"inLanguage\":\"de\",\"@id\":\"https:\\\/\\\/www.rifugioaverau.it\\\/de\\\/krampus\\\/fotogalerie\\\/#primaryimage\",\"url\":\"https:\\\/\\\/www.rifugioaverau.it\\\/wp-content\\\/uploads\\\/2020\\\/09\\\/Krampus-RifugioAverau-5Torri-CortinadAmpezzo-2.jpg\",\"contentUrl\":\"https:\\\/\\\/www.rifugioaverau.it\\\/wp-content\\\/uploads\\\/2020\\\/09\\\/Krampus-RifugioAverau-5Torri-CortinadAmpezzo-2.jpg\",\"width\":800,\"height\":1200,\"caption\":\"Krampus auf der Piste - Rifugio Averau - 5 Torri - Cortina d'Ampezzo - Dolomiti\"},{\"@type\":\"BreadcrumbList\",\"@id\":\"https:\\\/\\\/www.rifugioaverau.it\\\/de\\\/krampus\\\/fotogalerie\\\/#breadcrumb\",\"itemListElement\":[{\"@type\":\"ListItem\",\"position\":1,\"name\":\"Home\",\"item\":\"https:\\\/\\\/www.rifugioaverau.it\\\/de\\\/huette-rifugio-averau\\\/\"},{\"@type\":\"ListItem\",\"position\":2,\"name\":\"Krampus\",\"item\":\"https:\\\/\\\/www.rifugioaverau.it\\\/de\\\/krampus\\\/\"},{\"@type\":\"ListItem\",\"position\":3,\"name\":\"Fotogalerie\"}]},{\"@type\":\"WebSite\",\"@id\":\"https:\\\/\\\/www.rifugioaverau.it\\\/de\\\/#website\",\"url\":\"https:\\\/\\\/www.rifugioaverau.it\\\/de\\\/\",\"name\":\"Rifugio Averau | 5 Torri | Cortina d'Ampezzo\",\"description\":\"Il tuo rifugio tra le 5 Torri a Cortina d Ampezzo\",\"publisher\":{\"@id\":\"https:\\\/\\\/www.rifugioaverau.it\\\/de\\\/#organization\"},\"potentialAction\":[{\"@type\":\"SearchAction\",\"target\":{\"@type\":\"EntryPoint\",\"urlTemplate\":\"https:\\\/\\\/www.rifugioaverau.it\\\/de\\\/?s={search_term_string}\"},\"query-input\":{\"@type\":\"PropertyValueSpecification\",\"valueRequired\":true,\"valueName\":\"search_term_string\"}}],\"inLanguage\":\"de\"},{\"@type\":\"Organization\",\"@id\":\"https:\\\/\\\/www.rifugioaverau.it\\\/de\\\/#organization\",\"name\":\"Rifugio Averau\",\"url\":\"https:\\\/\\\/www.rifugioaverau.it\\\/de\\\/\",\"logo\":{\"@type\":\"ImageObject\",\"inLanguage\":\"de\",\"@id\":\"https:\\\/\\\/www.rifugioaverau.it\\\/de\\\/#\\\/schema\\\/logo\\\/image\\\/\",\"url\":\"https:\\\/\\\/www.rifugioaverau.it\\\/wp-content\\\/uploads\\\/2020\\\/04\\\/Logo-RifugioAverau-5Torrri-Dolomiti-CortinadAmpezzo.png\",\"contentUrl\":\"https:\\\/\\\/www.rifugioaverau.it\\\/wp-content\\\/uploads\\\/2020\\\/04\\\/Logo-RifugioAverau-5Torrri-Dolomiti-CortinadAmpezzo.png\",\"width\":512,\"height\":512,\"caption\":\"Rifugio Averau\"},\"image\":{\"@id\":\"https:\\\/\\\/www.rifugioaverau.it\\\/de\\\/#\\\/schema\\\/logo\\\/image\\\/\"},\"sameAs\":[\"https:\\\/\\\/www.facebook.com\\\/rifugioaverau\\\/\",\"https:\\\/\\\/www.instagram.com\\\/rifugioaverau\\\/\"]}]}<\/script>\n<!-- \/ Yoast SEO plugin. -->","yoast_head_json":{"title":"Fotogalerie - Rifugio Averau | 5 Torri | Cortina d&#039;Ampezzo","description":"Bl\u00e4ttern Sie in der Fotogalerie von Krampus auf der Piste in der N\u00e4he der Averau-H\u00fctte zwischen den 5 Torri von Cortina d'Ampezzo, Dolomiten","robots":{"index":"index","follow":"follow","max-snippet":"max-snippet:-1","max-image-preview":"max-image-preview:large","max-video-preview":"max-video-preview:-1"},"canonical":"https:\/\/www.rifugioaverau.it\/de\/krampus\/fotogalerie\/","og_locale":"de_DE","og_type":"article","og_title":"Fotogalerie - Rifugio Averau | 5 Torri | Cortina d&#039;Ampezzo","og_description":"Bl\u00e4ttern Sie in der Fotogalerie von Krampus auf der Piste in der N\u00e4he der Averau-H\u00fctte zwischen den 5 Torri von Cortina d'Ampezzo, Dolomiten","og_url":"https:\/\/www.rifugioaverau.it\/de\/krampus\/fotogalerie\/","og_site_name":"Rifugio Averau | 5 Torri | Cortina d&#039;Ampezzo","article_publisher":"https:\/\/www.facebook.com\/rifugioaverau\/","article_modified_time":"2024-12-09T18:00:16+00:00","og_image":[{"width":800,"height":1200,"url":"https:\/\/www.rifugioaverau.it\/wp-content\/uploads\/2020\/09\/Krampus-RifugioAverau-5Torri-CortinadAmpezzo-2.jpg","type":"image\/jpeg"}],"twitter_card":"summary_large_image","twitter_misc":{"Gesch\u00e4tzte Lesezeit":"5\u00a0Minuten"},"schema":{"@context":"https:\/\/schema.org","@graph":[{"@type":"WebPage","@id":"https:\/\/www.rifugioaverau.it\/de\/krampus\/fotogalerie\/","url":"https:\/\/www.rifugioaverau.it\/de\/krampus\/fotogalerie\/","name":"Fotogalerie - Rifugio Averau | 5 Torri | Cortina d&#039;Ampezzo","isPartOf":{"@id":"https:\/\/www.rifugioaverau.it\/de\/#website"},"primaryImageOfPage":{"@id":"https:\/\/www.rifugioaverau.it\/de\/krampus\/fotogalerie\/#primaryimage"},"image":{"@id":"https:\/\/www.rifugioaverau.it\/de\/krampus\/fotogalerie\/#primaryimage"},"thumbnailUrl":"https:\/\/www.rifugioaverau.it\/wp-content\/uploads\/2020\/09\/Krampus-RifugioAverau-5Torri-CortinadAmpezzo-2.jpg","datePublished":"2021-05-05T15:35:44+00:00","dateModified":"2024-12-09T18:00:16+00:00","description":"Bl\u00e4ttern Sie in der Fotogalerie von Krampus auf der Piste in der N\u00e4he der Averau-H\u00fctte zwischen den 5 Torri von Cortina d'Ampezzo, Dolomiten","breadcrumb":{"@id":"https:\/\/www.rifugioaverau.it\/de\/krampus\/fotogalerie\/#breadcrumb"},"inLanguage":"de","potentialAction":[{"@type":"ReadAction","target":["https:\/\/www.rifugioaverau.it\/de\/krampus\/fotogalerie\/"]}]},{"@type":"ImageObject","inLanguage":"de","@id":"https:\/\/www.rifugioaverau.it\/de\/krampus\/fotogalerie\/#primaryimage","url":"https:\/\/www.rifugioaverau.it\/wp-content\/uploads\/2020\/09\/Krampus-RifugioAverau-5Torri-CortinadAmpezzo-2.jpg","contentUrl":"https:\/\/www.rifugioaverau.it\/wp-content\/uploads\/2020\/09\/Krampus-RifugioAverau-5Torri-CortinadAmpezzo-2.jpg","width":800,"height":1200,"caption":"Krampus auf der Piste - Rifugio Averau - 5 Torri - Cortina d'Ampezzo - Dolomiti"},{"@type":"BreadcrumbList","@id":"https:\/\/www.rifugioaverau.it\/de\/krampus\/fotogalerie\/#breadcrumb","itemListElement":[{"@type":"ListItem","position":1,"name":"Home","item":"https:\/\/www.rifugioaverau.it\/de\/huette-rifugio-averau\/"},{"@type":"ListItem","position":2,"name":"Krampus","item":"https:\/\/www.rifugioaverau.it\/de\/krampus\/"},{"@type":"ListItem","position":3,"name":"Fotogalerie"}]},{"@type":"WebSite","@id":"https:\/\/www.rifugioaverau.it\/de\/#website","url":"https:\/\/www.rifugioaverau.it\/de\/","name":"Rifugio Averau | 5 Torri | Cortina d'Ampezzo","description":"Il tuo rifugio tra le 5 Torri a Cortina d Ampezzo","publisher":{"@id":"https:\/\/www.rifugioaverau.it\/de\/#organization"},"potentialAction":[{"@type":"SearchAction","target":{"@type":"EntryPoint","urlTemplate":"https:\/\/www.rifugioaverau.it\/de\/?s={search_term_string}"},"query-input":{"@type":"PropertyValueSpecification","valueRequired":true,"valueName":"search_term_string"}}],"inLanguage":"de"},{"@type":"Organization","@id":"https:\/\/www.rifugioaverau.it\/de\/#organization","name":"Rifugio Averau","url":"https:\/\/www.rifugioaverau.it\/de\/","logo":{"@type":"ImageObject","inLanguage":"de","@id":"https:\/\/www.rifugioaverau.it\/de\/#\/schema\/logo\/image\/","url":"https:\/\/www.rifugioaverau.it\/wp-content\/uploads\/2020\/04\/Logo-RifugioAverau-5Torrri-Dolomiti-CortinadAmpezzo.png","contentUrl":"https:\/\/www.rifugioaverau.it\/wp-content\/uploads\/2020\/04\/Logo-RifugioAverau-5Torrri-Dolomiti-CortinadAmpezzo.png","width":512,"height":512,"caption":"Rifugio Averau"},"image":{"@id":"https:\/\/www.rifugioaverau.it\/de\/#\/schema\/logo\/image\/"},"sameAs":["https:\/\/www.facebook.com\/rifugioaverau\/","https:\/\/www.instagram.com\/rifugioaverau\/"]}]}},"_links":{"self":[{"href":"https:\/\/www.rifugioaverau.it\/de\/wp-json\/wp\/v2\/pages\/4424","targetHints":{"allow":["GET"]}}],"collection":[{"href":"https:\/\/www.rifugioaverau.it\/de\/wp-json\/wp\/v2\/pages"}],"about":[{"href":"https:\/\/www.rifugioaverau.it\/de\/wp-json\/wp\/v2\/types\/page"}],"author":[{"embeddable":true,"href":"https:\/\/www.rifugioaverau.it\/de\/wp-json\/wp\/v2\/users\/1"}],"replies":[{"embeddable":true,"href":"https:\/\/www.rifugioaverau.it\/de\/wp-json\/wp\/v2\/comments?post=4424"}],"version-history":[{"count":62,"href":"https:\/\/www.rifugioaverau.it\/de\/wp-json\/wp\/v2\/pages\/4424\/revisions"}],"predecessor-version":[{"id":6398,"href":"https:\/\/www.rifugioaverau.it\/de\/wp-json\/wp\/v2\/pages\/4424\/revisions\/6398"}],"up":[{"embeddable":true,"href":"https:\/\/www.rifugioaverau.it\/de\/wp-json\/wp\/v2\/pages\/4402"}],"wp:featuredmedia":[{"embeddable":true,"href":"https:\/\/www.rifugioaverau.it\/de\/wp-json\/wp\/v2\/media\/3451"}],"wp:attachment":[{"href":"https:\/\/www.rifugioaverau.it\/de\/wp-json\/wp\/v2\/media?parent=4424"}],"curies":[{"name":"wp","href":"https:\/\/api.w.org\/{rel}","templated":true}]}}